{"id":245,"date":"2020-03-13T11:34:45","date_gmt":"2020-03-13T10:34:45","guid":{"rendered":"http:\/\/monhandicapamoi.fr\/?page_id=245"},"modified":"2020-03-24T13:03:10","modified_gmt":"2020-03-24T12:03:10","slug":"245-2","status":"publish","type":"page","link":"https:\/\/monhandicapamoi.fr\/index.php\/245-2\/","title":{"rendered":"Mentions l\u00e9gales"},"content":{"rendered":"<p>[et_pb_section fb_built=&#8221;1&#8243; admin_label=&#8221;Header&#8221; _builder_version=&#8221;3.22&#8243; background_color=&#8221;#f7f9f9&#8243; background_image=&#8221;http:\/\/monhandicapamoi.fr\/wp-content\/uploads\/2020\/03\/charity-09.png&#8221; parallax=&#8221;on&#8221; collapsed=&#8221;off&#8221;][et_pb_row _builder_version=&#8221;3.25&#8243;][et_pb_column type=&#8221;4_4&#8243; _builder_version=&#8221;3.25&#8243; custom_padding=&#8221;80px||40px|&#8221; custom_padding_tablet=&#8221;0px||&#8221; custom_padding_phone=&#8221;&#8221; custom_padding_last_edited=&#8221;on|tablet&#8221; padding_tablet=&#8221;0px||&#8221; padding_last_edited=&#8221;on|tablet&#8221; custom_padding__hover=&#8221;|||&#8221;][et_pb_text _builder_version=&#8221;4.3.4&#8243; text_font=&#8221;||||||||&#8221; text_line_height=&#8221;2em&#8221; header_font=&#8221;Abingdon|600|||||||&#8221; header_text_color=&#8221;#0e7162&#8243; header_font_size=&#8221;60px&#8221; header_line_height=&#8221;1.3em&#8221; text_orientation=&#8221;center&#8221; max_width=&#8221;800px&#8221; module_alignment=&#8221;center&#8221; header_font_size_tablet=&#8221;50px&#8221; header_font_size_phone=&#8221;40px&#8221; header_font_size_last_edited=&#8221;on|phone&#8221;]<\/p>\n<h1>Mentions l\u00e9gales<\/h1>\n<p>[\/et_pb_text][\/et_pb_column][\/et_pb_row][et_pb_row _builder_version=&#8221;4.4.1&#8243; hover_enabled=&#8221;0&#8243; background_color=&#8221;#ffffff&#8221;][et_pb_column type=&#8221;4_4&#8243; _builder_version=&#8221;4.3.4&#8243;][et_pb_text _builder_version=&#8221;4.4.1&#8243; hover_enabled=&#8221;0&#8243;]<\/p>\n<h2 style=\"text-align: center;\"><b><span>Conditions g\u00e9n\u00e9rales d\u2019utilisation du site<o:p><\/o:p><\/span><\/b><\/h2>\n<p><span>\u00a0<o:p><\/o:p><\/span><\/p>\n<p><span><strong>1. MENTIONS LEGALES<\/strong><o:p><\/o:p><\/span><\/p>\n<p><span>\u00a0<o:p><\/o:p><\/span><span>Vous \u00eates actuellement connect\u00e9 sur le site Internet \u00e9dit\u00e9 par l\u2019association \u00ab\u00a0Mon handicap \u00e0 moi\u00a0\u00bb<br \/> ==&gt;346 Rue Lecourbe 75015 Paris <o:p><\/o:p><\/span><\/p>\n<p><span>\u00a0<o:p><\/o:p><\/span><span>Directeur de la publication :<br \/> H\u00e9bergeur : OVH<o:p><\/o:p><\/span><\/p>\n<p><span>Conception et r\u00e9alisation du site\u00a0: Ludigrafe design\u00a0(<\/span><a href=\"http:\/\/www.ludigrafe.fr\/\"><span>www.ludigrafe.fr<\/span><\/a><span>)<br \/> En ayant acc\u00e8s \u00e0 ce site, l\u2019utilisateur s\u2019engage \u00e0 lire et se conformer aux pr\u00e9sentes conditions d\u2019utilisation.<o:p><\/o:p><\/span><\/p>\n<p><span><\/span><\/p>\n<p><strong>\u00a0<o:p><\/o:p><\/strong><span><strong>2. PROPRI\u00c9T\u00c9 INTELLECTUELLE<\/strong><o:p><\/o:p><\/span><\/p>\n<p><span>\u00a0<o:p><\/o:p><\/span><span>Les marques, logos, textes et tout autre \u00e9l\u00e9ment figurant sur ce site sont la propri\u00e9t\u00e9 de \u00ab\u00a0Mon handicap \u00e0 moi\u00a0\u00bb ou de ses \u00e9ventuels partenaires et ne peuvent donc \u00eatre exploit\u00e9s, sans le consentement pr\u00e9alable et \u00e9crit des titulaires des droits sur ces \u00e9l\u00e9ments, sous peine de contrefa\u00e7on.<o:p><\/o:p><\/span><\/p>\n<p><span>\u00ab\u00a0Mon handicap \u00e0 moi\u00a0\u00bb interdit toute exploitation des \u00e9l\u00e9ments figurant sur son site, et de son lien hypertexte, \u00e0 des fins illicites. Elle se r\u00e9serve le droit de poursuivre les tiers exploitant ses \u00e9l\u00e9ments et cr\u00e9ations sur des sites au contenu illicite et de r\u00e9clamer les dommages et int\u00e9r\u00eats qui r\u00e9sulteraient du pr\u00e9judice.<o:p><\/o:p><\/span><\/p>\n<p><span>Les utilisateurs peuvent toutefois communiquer sur l\u2019existence du site, ainsi que toute personne dans l\u2019exercice de la libert\u00e9 d\u2019information (journalistes, blogueurs, etc.) \u00e0 des fins de pr\u00e9sentation et de mise en avant sur les r\u00e9seaux sociaux et leurs sites Internet ou blogs.<o:p><\/o:p><\/span><\/p>\n<p><span>\u00a0<o:p><\/o:p><\/span><\/p>\n<p><span><strong>3. TRAITEMENT DES DONN\u00c9ES PERSONNELLES DES UTILISATEURS<\/strong><o:p><\/o:p><\/span><\/p>\n<p><span>3.1 DISPOSITIONS G\u00c9N\u00c9RALES<o:p><\/o:p><\/span><\/p>\n<p><span>Le responsable du traitement des donn\u00e9es concernant les utilisateurs est \u00ab\u00a0Mon handicap \u00e0 moi\u00a0\u00bb.<o:p><\/o:p><\/span><\/p>\n<p><span>\u00ab\u00a0Mon handicap \u00e0 moi\u00a0\u00bb s\u2019engage \u00e0 se conformer \u00e0 ses obligations l\u00e9gales en mati\u00e8re de donn\u00e9es personnelles et \u00e0 respecter la stricte confidentialit\u00e9 du traitement des donn\u00e9es et informations fournies par les utilisateurs et non visibles par le public.<o:p><\/o:p><\/span><\/p>\n<p><span>\u00ab\u00a0Mon handicap \u00e0 moi\u00a0\u00bb d\u00e9clare ne demander que les donn\u00e9es et informations n\u00e9cessaires au fonctionnement du site et au traitement des demandes.<o:p><\/o:p><\/span><\/p>\n<p><span>Le traitement des donn\u00e9es personnelles de l\u2019utilisateur se fait sur la base de son consentement.<o:p><\/o:p><\/span><\/p>\n<p><span>La dur\u00e9e de conservation de ces donn\u00e9es est de 3 ans. Sans renouvellement de l\u2019utilisateur, elles s\u2019effaceront automatiquement.<o:p><\/o:p><\/span><\/p>\n<p><span>\u00a0<o:p><\/o:p><\/span><span>3.2 TRANSMISSION DES DONN\u00c9ES PERSONNELLES DE L\u2019UTILISATEUR \u00c0 DES TIERS<o:p><\/o:p><\/span><\/p>\n<p><span>Les donn\u00e9es et informations transmises par l\u2019utilisateur \u00e0 \u00ab\u00a0Mon handicap \u00e0 moi\u00a0\u00bb ne feront l\u2019objet d\u2019aucun transfert \u00e0 des tiers pour une utilisation marketing ou commerciale, encore moins dans des Etats ne remplissant pas les garanties suffisantes conform\u00e9ment aux prescriptions de l\u2019UE. Seuls les prestataires de \u00ab\u00a0Mon handicap \u00e0 moi\u00a0\u00bb (h\u00e9bergeur, etc.), dument habilit\u00e9s, peuvent avoir acc\u00e8s \u00e0 ces donn\u00e9es.<o:p><\/o:p><\/span><\/p>\n<p><span>\u00a0<o:p><\/o:p><\/span><span>3.3 DROIT D\u2019ACC\u00c8S, DE RECTIFICATION ET D\u2019OPPOSITION<o:p><\/o:p><\/span><\/p>\n<p><span>Conform\u00e9ment \u00e0 la loi n\u00b078\u201317 du 6 janvier 1978 modifi\u00e9e, l\u2019utilisateur dispose, \u00e0 tout moment, d\u2019un droit d\u2019acc\u00e8s, de modification et de suppression des donn\u00e9es personnelles le concernant, en s\u2019adressant \u00e0 : monhandicapamoi@yahoo.com<br \/> Il dispose \u00e9galement du droit \u00e0 la portabilit\u00e9 de ses donn\u00e9es.<o:p><\/o:p><\/span><\/p>\n<p><span>\u00a0<o:p><\/o:p><\/span><span>3.4 S\u00c9CURIT\u00c9 DES DONN\u00c9ES PERSONNELLES<o:p><\/o:p><\/span><\/p>\n<p><span>Conform\u00e9ment \u00e0 la loi n\u00b078-17 du 6 janvier 1978 modifi\u00e9e, \u00ab\u00a0Mon handicap \u00e0 moi\u00a0\u00bb s\u2019engage \u00e0 prendre toute pr\u00e9caution utile, au regard de la nature des donn\u00e9es et des risques pr\u00e9sent\u00e9s par le traitement, pour pr\u00e9server la s\u00e9curit\u00e9 des donn\u00e9es personnelles concernant l\u2019utilisateur et, notamment, emp\u00eacher que ses donn\u00e9es personnelles ne soient endommag\u00e9es ou que des tiers non autoris\u00e9s y aient acc\u00e8s.<o:p><\/o:p><\/span><\/p>\n<p><span>\u00a0<o:p><\/o:p><\/span><\/p>\n<p><span><strong>4. COOKIES<\/strong><o:p><\/o:p><\/span><\/p>\n<p><span>Des cookies et autres traceurs sont utilis\u00e9s sur ce site pour r\u00e9aliser des statistiques d\u2019audience, am\u00e9liorer le site et l\u2019exp\u00e9rience utilisateur.<o:p><\/o:p><\/span><\/p>\n<p><span>Les donn\u00e9es sont conserv\u00e9es pour une dur\u00e9e de 13 mois au terme duquel elles sont automatiquement effac\u00e9es.<o:p><\/o:p><\/span><\/p>\n<p><span>Pour plus d\u2019information ou pour vous y opposer : https:\/\/www.cnil.fr\/fr\/cookies-les-outils-pour-les-maitriser<o:p><\/o:p><\/span><\/p>\n<p><span>\u00a0<o:p><\/o:p><\/span><\/p>\n<p><span><strong>5. RESPONSABILIT\u00c9<\/strong><o:p><\/o:p><\/span><\/p>\n<p><span>\u00ab\u00a0Mon handicap \u00e0 moi\u00a0\u00bb ne saurait \u00eatre tenue pour responsable du non fonctionnement, d\u2019une impossibilit\u00e9 d\u2019acc\u00e8s ou du dysfonctionnement des services du fournisseur d\u2019acc\u00e8s des utilisateurs ou du r\u00e9seau internet. Il en sera de m\u00eame pour tout autre \u00e9v\u00e8nement li\u00e9 \u00e0 une cause ext\u00e9rieure de \u00ab\u00a0Mon handicap \u00e0 moi\u00a0\u00bb<o:p><\/o:p><\/span><\/p>\n<p><span>Vis-\u00e0-vis des tiers, les utilisateurs sont responsables des informations, \u00e9l\u00e9ments et donn\u00e9es qu\u2019ils sont amen\u00e9s \u00e0 fournir sur ce site avec leur consentement.<o:p><\/o:p><\/span><\/p>\n<p><span>\u00a0\u00ab\u00a0Mon handicap \u00e0 moi\u00a0\u00bb se r\u00e9serve le droit de proc\u00e9der, a posteriori, au retrait de tout contenu que serait manifestement illicite (d\u00e9nigrement, diffamation, injures, incitations haineuses, publicit\u00e9 en faveur de produits et services illicites, etc.) ou qui serait irrespectueux vis-\u00e0-vis des autres utilisateurs.<o:p><\/o:p><\/span><\/p>\n<p><span>Les utilisateurs s\u2019estimant l\u00e9s\u00e9s par des contenus sur ce site peuvent le signaler sur le formulaire suivant.<o:p><\/o:p><\/span><\/p>\n<p><span>\u00a0<o:p><\/o:p><\/span><\/p>\n<p><span><strong>6. LOI APPLICABLE ET JURIDICTIONS COMP\u00c9TENTES<\/strong><o:p><\/o:p><\/span><\/p>\n<p><span>Les pr\u00e9sentes Conditions G\u00e9n\u00e9rales d\u2019Utilisation sont soumises au droit fran\u00e7ais.<br \/> En cas de litige, les tribunaux fran\u00e7ais seront seuls comp\u00e9tents. Les Parties s\u2019engagent cependant \u00e0 rechercher une solution amiable avant toute action judiciaire.<o:p><\/o:p><\/span><\/p>\n<p>&nbsp;<\/p>\n<p>[\/et_pb_text][\/et_pb_column][\/et_pb_row][\/et_pb_section][et_pb_section fb_built=&#8221;1&#8243; admin_label=&#8221;Sponsors&#8221; _builder_version=&#8221;3.22&#8243; background_color=&#8221;rgba(14,113,98,0.9)&#8221; use_background_color_gradient=&#8221;on&#8221; background_color_gradient_start=&#8221;rgba(14,113,98,0.9)&#8221; background_color_gradient_end=&#8221;#0e7162&#8243; background_color_gradient_overlays_image=&#8221;on&#8221; background_image=&#8221;http:\/\/monhandicapamoi.fr\/wp-content\/uploads\/2020\/03\/charity-18.jpg&#8221; custom_padding=&#8221;6vw||6vw||true|false&#8221; box_shadow_style=&#8221;preset7&#8243; box_shadow_horizontal=&#8221;0px&#8221; box_shadow_vertical=&#8221;-20px&#8221; box_shadow_color=&#8221;rgba(255,255,255,0.12)&#8221; collapsed=&#8221;off&#8221;][\/et_pb_section]<\/p>\n","protected":false},"excerpt":{"rendered":"<p>Mentions l\u00e9galesConditions g\u00e9n\u00e9rales d\u2019utilisation du site \u00a0 1. MENTIONS LEGALES \u00a0Vous \u00eates actuellement connect\u00e9 sur le site Internet \u00e9dit\u00e9 par l\u2019association \u00ab\u00a0Mon handicap \u00e0 moi\u00a0\u00bb ==&gt;346 Rue Lecourbe 75015 Paris [&hellip;]<\/p>\n","protected":false},"author":2,"featured_media":0,"parent":0,"menu_order":0,"comment_status":"closed","ping_status":"closed","template":"","meta":{"_et_pb_use_builder":"on","_et_pb_old_content":"","_et_gb_content_width":"","footnotes":""},"class_list":["post-245","page","type-page","status-publish","hentry"],"_links":{"self":[{"href":"https:\/\/monhandicapamoi.fr\/index.php\/wp-json\/wp\/v2\/pages\/245"}],"collection":[{"href":"https:\/\/monhandicapamoi.fr\/index.php\/wp-json\/wp\/v2\/pages"}],"about":[{"href":"https:\/\/monhandicapamoi.fr\/index.php\/wp-json\/wp\/v2\/types\/page"}],"author":[{"embeddable":true,"href":"https:\/\/monhandicapamoi.fr\/index.php\/wp-json\/wp\/v2\/users\/2"}],"replies":[{"embeddable":true,"href":"https:\/\/monhandicapamoi.fr\/index.php\/wp-json\/wp\/v2\/comments?post=245"}],"version-history":[{"count":4,"href":"https:\/\/monhandicapamoi.fr\/index.php\/wp-json\/wp\/v2\/pages\/245\/revisions"}],"predecessor-version":[{"id":431,"href":"https:\/\/monhandicapamoi.fr\/index.php\/wp-json\/wp\/v2\/pages\/245\/revisions\/431"}],"wp:attachment":[{"href":"https:\/\/monhandicapamoi.fr\/index.php\/wp-json\/wp\/v2\/media?parent=245"}],"curies":[{"name":"wp","href":"https:\/\/api.w.org\/{rel}","templated":true}]}}